{"id":719,"date":"2023-11-23T18:16:30","date_gmt":"2023-11-23T18:16:30","guid":{"rendered":"https:\/\/romidal.com\/?page_id=719"},"modified":"2024-09-01T17:45:49","modified_gmt":"2024-09-01T20:45:49","slug":"workshops","status":"publish","type":"page","link":"https:\/\/romidal.com\/de\/workshops\/","title":{"rendered":"Workshops"},"content":{"rendered":"<div data-elementor-type=\"wp-page\" data-elementor-id=\"719\" class=\"elementor elementor-719\">\n\t\t\t\t\t\t<header class=\"elementor-section elementor-top-section elementor-element elementor-element-f6de8a2 elementor-section-boxed elementor-section-height-default elementor-section-height-default wpr-particle-no wpr-jarallax-no wpr-parallax-no wpr-sticky-section-no wpr-equal-height-no\" data-id=\"f6de8a2\" data-element_type=\"section\" data-e-type=\"section\">\n\t\t\t\t\t\t<div class=\"elementor-container elementor-column-gap-default\">\n\t\t\t\t\t<div class=\"aux-parallax-section elementor-column elementor-col-100 elementor-top-column elementor-element elementor-element-fe36851\" data-id=\"fe36851\" data-element_type=\"column\" data-e-type=\"column\">\n\t\t\t<div class=\"elementor-widget-wrap elementor-element-populated\">\n\t\t\t\t\t\t<div class=\"elementor-element elementor-element-f6cf4c2 elementor-widget elementor-widget-heading\" data-id=\"f6cf4c2\" data-element_type=\"widget\" data-e-type=\"widget\" data-widget_type=\"heading.default\">\n\t\t\t\t<div class=\"elementor-widget-container\">\n\t\t\t\t\t<h2 class=\"elementor-heading-title elementor-size-default\">Talleres, capacitaciones y charlas educativas para el ciclo lectivo 2024<\/h2>\t\t\t\t<\/div>\n\t\t\t\t<\/div>\n\t\t\t\t\t<\/div>\n\t\t<\/div>\n\t\t\t\t\t<\/div>\n\t\t<\/header>\n\t\t\t\t<section class=\"elementor-section elementor-top-section elementor-element elementor-element-09e16d6 elementor-section-boxed elementor-section-height-default elementor-section-height-default wpr-particle-no wpr-jarallax-no wpr-parallax-no wpr-sticky-section-no wpr-equal-height-no\" data-id=\"09e16d6\" data-element_type=\"section\" data-e-type=\"section\">\n\t\t\t\t\t\t<div class=\"elementor-container elementor-column-gap-default\">\n\t\t\t\t\t<div class=\"aux-parallax-section elementor-column elementor-col-100 elementor-top-column elementor-element elementor-element-e865983\" data-id=\"e865983\" data-element_type=\"column\" data-e-type=\"column\">\n\t\t\t<div class=\"elementor-widget-wrap elementor-element-populated\">\n\t\t\t\t\t\t<div class=\"elementor-element elementor-element-9cf2204 elementor-widget elementor-widget-text-editor\" data-id=\"9cf2204\" data-element_type=\"widget\" data-e-type=\"widget\" data-widget_type=\"text-editor.default\">\n\t\t\t\t<div class=\"elementor-widget-container\">\n\t\t\t\t\t\t\t\t\t<p>Taller 1<\/p>\t\t\t\t\t\t\t\t<\/div>\n\t\t\t\t<\/div>\n\t\t\t\t<div class=\"elementor-element elementor-element-63dd0ef elementor-widget elementor-widget-heading\" data-id=\"63dd0ef\" data-element_type=\"widget\" data-e-type=\"widget\" data-widget_type=\"heading.default\">\n\t\t\t\t<div class=\"elementor-widget-container\">\n\t\t\t\t\t<h3 class=\"elementor-heading-title elementor-size-default\">ENSE\u00d1AR CON CANCIONES ES IMPRESCINDIBLE\n<\/h3>\t\t\t\t<\/div>\n\t\t\t\t<\/div>\n\t\t\t\t<div class=\"elementor-element elementor-element-56ed129 elementor-widget elementor-widget-text-editor\" data-id=\"56ed129\" data-element_type=\"widget\" data-e-type=\"widget\" data-widget_type=\"text-editor.default\">\n\t\t\t\t<div class=\"elementor-widget-container\">\n\t\t\t\t\t\t\t\t\t<p><b>Objetivos<\/b><\/p><ul><li style=\"font-weight: 400;\" aria-level=\"1\"><span style=\"font-weight: 400;\">Conocer las razones por las cu\u00e1les es esencial ense\u00f1ar utilizando canciones<\/span><\/li><li style=\"font-weight: 400;\" aria-level=\"1\"><span style=\"font-weight: 400;\">\u00a0Describe los beneficios que le aporta al docente y al ni\u00f1o<\/span><\/li><li style=\"font-weight: 400;\" aria-level=\"1\"><span style=\"font-weight: 400;\">Adentrarse en t\u00e9cnicas para ense\u00f1ar de manera activa una canci\u00f3n<\/span><\/li><li style=\"font-weight: 400;\" aria-level=\"1\"><span style=\"font-weight: 400;\">Dominar los criterios para seleccionar canciones<\/span><\/li><li style=\"font-weight: 400;\" aria-level=\"1\"><span style=\"font-weight: 400;\">Familiarizarse con la posibilidad de crear las propias canciones<\/span><\/li><\/ul><p>\u00a0<\/p><p><b>\u00bfA quien est\u00e1 dirigido?<\/b><\/p><p><span style=\"font-weight: 400;\">Est\u00e1 dirigido a docentes de nivel inicial y docentes de primer ciclo primaria<\/span><\/p><p>\u00a0<\/p><p><b>\u00bfQu\u00e9 lograr\u00e1n al finalizar el taller?<br \/><\/b><span style=\"font-weight: 400;\">Utilizar de manera sistem\u00e1tica y frecuente las canciones en la tarea diaria<\/span><\/p><p>\u00a0<\/p><p><b>Duraci\u00f3n: <\/b><span style=\"font-weight: 400;\">1 hora y media<\/span><\/p><p><b>Modalidad<\/b><span style=\"font-weight: 400;\">: Presencial \/online<\/span><\/p>\t\t\t\t\t\t\t\t<\/div>\n\t\t\t\t<\/div>\n\t\t\t\t<div class=\"elementor-element elementor-element-41c8934 elementor-widget elementor-widget-button\" data-id=\"41c8934\" data-element_type=\"widget\" data-e-type=\"widget\" data-widget_type=\"button.default\">\n\t\t\t\t<div class=\"elementor-widget-container\">\n\t\t\t\t\t\t\t\t\t<div class=\"elementor-button-wrapper\">\n\t\t\t\t\t<a class=\"elementor-button elementor-button-link elementor-size-md\" href=\"https:\/\/wa.link\/uveztl\">\n\t\t\t\t\t\t<span class=\"elementor-button-content-wrapper\">\n\t\t\t\t\t\t<span class=\"elementor-button-icon\">\n\t\t\t\t<i aria-hidden=\"true\" class=\"auxicon2 auxicon2-arrow-chevron-fat-right\"><\/i>\t\t\t<\/span>\n\t\t\t\t\t\t\t\t\t<span class=\"elementor-button-text\">Contratar<\/span>\n\t\t\t\t\t<\/span>\n\t\t\t\t\t<\/a>\n\t\t\t\t<\/div>\n\t\t\t\t\t\t\t\t<\/div>\n\t\t\t\t<\/div>\n\t\t\t\t\t<\/div>\n\t\t<\/div>\n\t\t\t\t\t<\/div>\n\t\t<\/section>\n\t\t\t\t<section class=\"elementor-section elementor-top-section elementor-element elementor-element-c977e0d elementor-section-boxed elementor-section-height-default elementor-section-height-default wpr-particle-no wpr-jarallax-no wpr-parallax-no wpr-sticky-section-no wpr-equal-height-no\" data-id=\"c977e0d\" data-element_type=\"section\" data-e-type=\"section\">\n\t\t\t\t\t\t<div class=\"elementor-container elementor-column-gap-default\">\n\t\t\t\t\t<div class=\"aux-parallax-section elementor-column elementor-col-100 elementor-top-column elementor-element elementor-element-9b17ec1\" data-id=\"9b17ec1\" data-element_type=\"column\" data-e-type=\"column\">\n\t\t\t<div class=\"elementor-widget-wrap elementor-element-populated\">\n\t\t\t\t\t\t<div class=\"elementor-element elementor-element-b567a3c elementor-widget elementor-widget-text-editor\" data-id=\"b567a3c\" data-element_type=\"widget\" data-e-type=\"widget\" data-widget_type=\"text-editor.default\">\n\t\t\t\t<div class=\"elementor-widget-container\">\n\t\t\t\t\t\t\t\t\t<p>Taller 2<\/p>\t\t\t\t\t\t\t\t<\/div>\n\t\t\t\t<\/div>\n\t\t\t\t<div class=\"elementor-element elementor-element-1ee27e6 elementor-widget elementor-widget-heading\" data-id=\"1ee27e6\" data-element_type=\"widget\" data-e-type=\"widget\" data-widget_type=\"heading.default\">\n\t\t\t\t<div class=\"elementor-widget-container\">\n\t\t\t\t\t<h3 class=\"elementor-heading-title elementor-size-default\">TARJETONES ILUSTRADOS Y SU IMPACTO VISUAL Y PEDAG\u00d3GICO<\/h3>\t\t\t\t<\/div>\n\t\t\t\t<\/div>\n\t\t\t\t<div class=\"elementor-element elementor-element-6cedbd8 elementor-widget elementor-widget-text-editor\" data-id=\"6cedbd8\" data-element_type=\"widget\" data-e-type=\"widget\" data-widget_type=\"text-editor.default\">\n\t\t\t\t<div class=\"elementor-widget-container\">\n\t\t\t\t\t\t\t\t\t<p><b>Objetivos<\/b><\/p><ul><li style=\"font-weight: 400;\" aria-level=\"1\"><span style=\"font-weight: 400;\">Conocer el rol que cumplen los tarjetones ilustrados en el proceso de ense\u00f1ar\u00a0<\/span><\/li><li style=\"font-weight: 400;\" aria-level=\"1\"><span style=\"font-weight: 400;\">\u00a0Saber en qu\u00e9 momento y como utilizarlos de manera activa\u00a0<\/span><\/li><li style=\"font-weight: 400;\" aria-level=\"1\"><span style=\"font-weight: 400;\">Apropiarse de aspectos a tener en cuenta para su utilizaci\u00f3n<\/span><\/li><li style=\"font-weight: 400;\" aria-level=\"1\"><span style=\"font-weight: 400;\">Ofrecer un espacio de juego para incorporar propuestas did\u00e1cticas<\/span><\/li><\/ul><p>\u00a0<\/p><p><b>\u00bfA quien est\u00e1 dirigido?<\/b><\/p><p><span style=\"font-weight: 400;\">Est\u00e1 dirigido a docentes de nivel inicial y docentes de primer ciclo primaria<\/span><\/p><p>\u00a0<\/p><p><b>\u00bfQu\u00e9 lograr\u00e1n al finalizar el taller?<\/b><\/p><ul><li>Ampliar los conocimientos te\u00f3ricos y pr\u00e1cticos del uso de los tarjetones ilustrados<\/li><li>Implementar lo aprendido en sus aulas<br \/><br \/><\/li><\/ul><p><b>Duraci\u00f3n: <\/b><span style=\"font-weight: 400;\">1 hora y media<\/span><\/p><p><b>Modalidad<\/b><span style=\"font-weight: 400;\">: Presencial \/online<\/span><\/p>\t\t\t\t\t\t\t\t<\/div>\n\t\t\t\t<\/div>\n\t\t\t\t<div class=\"elementor-element elementor-element-00e9c15 elementor-widget elementor-widget-button\" data-id=\"00e9c15\" data-element_type=\"widget\" data-e-type=\"widget\" data-widget_type=\"button.default\">\n\t\t\t\t<div class=\"elementor-widget-container\">\n\t\t\t\t\t\t\t\t\t<div class=\"elementor-button-wrapper\">\n\t\t\t\t\t<a class=\"elementor-button elementor-button-link elementor-size-md\" href=\"https:\/\/wa.link\/bamint\">\n\t\t\t\t\t\t<span class=\"elementor-button-content-wrapper\">\n\t\t\t\t\t\t<span class=\"elementor-button-icon\">\n\t\t\t\t<i aria-hidden=\"true\" class=\"auxicon2 auxicon2-arrow-chevron-fat-right\"><\/i>\t\t\t<\/span>\n\t\t\t\t\t\t\t\t\t<span class=\"elementor-button-text\">Contratar<\/span>\n\t\t\t\t\t<\/span>\n\t\t\t\t\t<\/a>\n\t\t\t\t<\/div>\n\t\t\t\t\t\t\t\t<\/div>\n\t\t\t\t<\/div>\n\t\t\t\t\t<\/div>\n\t\t<\/div>\n\t\t\t\t\t<\/div>\n\t\t<\/section>\n\t\t\t\t<section class=\"elementor-section elementor-top-section elementor-element elementor-element-52c90e5 elementor-section-boxed elementor-section-height-default elementor-section-height-default wpr-particle-no wpr-jarallax-no wpr-parallax-no wpr-sticky-section-no wpr-equal-height-no\" data-id=\"52c90e5\" data-element_type=\"section\" data-e-type=\"section\">\n\t\t\t\t\t\t<div class=\"elementor-container elementor-column-gap-default\">\n\t\t\t\t\t<div class=\"aux-parallax-section elementor-column elementor-col-100 elementor-top-column elementor-element elementor-element-b6f8a9e\" data-id=\"b6f8a9e\" data-element_type=\"column\" data-e-type=\"column\">\n\t\t\t<div class=\"elementor-widget-wrap elementor-element-populated\">\n\t\t\t\t\t\t<div class=\"elementor-element elementor-element-21b8ab8 elementor-widget elementor-widget-text-editor\" data-id=\"21b8ab8\" data-element_type=\"widget\" data-e-type=\"widget\" data-widget_type=\"text-editor.default\">\n\t\t\t\t<div class=\"elementor-widget-container\">\n\t\t\t\t\t\t\t\t\t<p>Taller 3<\/p>\t\t\t\t\t\t\t\t<\/div>\n\t\t\t\t<\/div>\n\t\t\t\t<div class=\"elementor-element elementor-element-a835f47 elementor-widget elementor-widget-heading\" data-id=\"a835f47\" data-element_type=\"widget\" data-e-type=\"widget\" data-widget_type=\"heading.default\">\n\t\t\t\t<div class=\"elementor-widget-container\">\n\t\t\t\t\t<h3 class=\"elementor-heading-title elementor-size-default\">HAB\u00cdA UNA VEZ\u2026 CUENTOS  ILUSTRADOS PARA ENSE\u00d1AR<\/h3>\t\t\t\t<\/div>\n\t\t\t\t<\/div>\n\t\t\t\t<div class=\"elementor-element elementor-element-b46be07 elementor-widget elementor-widget-text-editor\" data-id=\"b46be07\" data-element_type=\"widget\" data-e-type=\"widget\" data-widget_type=\"text-editor.default\">\n\t\t\t\t<div class=\"elementor-widget-container\">\n\t\t\t\t\t\t\t\t\t<p><b>Objetivos<\/b><\/p><ul><li style=\"font-weight: 400;\" aria-level=\"1\"><span style=\"font-weight: 400;\">Que funci\u00f3n ling\u00fc\u00edstica cumplen los cuentos ilustrados en la ense\u00f1anza<\/span><\/li><li style=\"font-weight: 400;\" aria-level=\"1\"><span style=\"font-weight: 400;\">Por qu\u00e9 y c\u00f3mo seleccionar literatura para ni\u00f1os<\/span><\/li><li style=\"font-weight: 400;\" aria-level=\"1\"><span style=\"font-weight: 400;\">Familiarizarse con las tres fases para la utilizaci\u00f3n de libros: Antes-Durante-Despu\u00e9s de la lectura<\/span><\/li><li style=\"font-weight: 400;\" aria-level=\"1\"><span style=\"font-weight: 400;\">Poner en pr\u00e1ctica lo abordado a partir de 4 cuentos ilustrados<\/span><\/li><\/ul><p><b>\u00bfA quien est\u00e1 dirigido?<\/b><\/p><p>Est\u00e1 dirigido a docentes de nivel inicial y docentes de primer ciclo primaria<\/p><p>\u00a0<\/p><p><b>\u00bfQu\u00e9 lograr\u00e1n al finalizar el taller?<\/b><\/p><p>Planificar y desarrollar una clase en base a un cuento ilustrado<\/p><p>\u00a0<\/p><p><b>Duraci\u00f3n: <span style=\"font-weight: 400;\">2 horas<\/span><\/b><\/p><p><b>Modalidad<\/b><span style=\"font-weight: 400;\">: Presencial \/online<\/span><\/p>\t\t\t\t\t\t\t\t<\/div>\n\t\t\t\t<\/div>\n\t\t\t\t<div class=\"elementor-element elementor-element-835d155 elementor-widget elementor-widget-button\" data-id=\"835d155\" data-element_type=\"widget\" data-e-type=\"widget\" data-widget_type=\"button.default\">\n\t\t\t\t<div class=\"elementor-widget-container\">\n\t\t\t\t\t\t\t\t\t<div class=\"elementor-button-wrapper\">\n\t\t\t\t\t<a class=\"elementor-button elementor-button-link elementor-size-md\" href=\"https:\/\/wa.link\/7rgt0r\">\n\t\t\t\t\t\t<span class=\"elementor-button-content-wrapper\">\n\t\t\t\t\t\t<span class=\"elementor-button-icon\">\n\t\t\t\t<i aria-hidden=\"true\" class=\"auxicon2 auxicon2-arrow-chevron-fat-right\"><\/i>\t\t\t<\/span>\n\t\t\t\t\t\t\t\t\t<span class=\"elementor-button-text\">Contratar<\/span>\n\t\t\t\t\t<\/span>\n\t\t\t\t\t<\/a>\n\t\t\t\t<\/div>\n\t\t\t\t\t\t\t\t<\/div>\n\t\t\t\t<\/div>\n\t\t\t\t\t<\/div>\n\t\t<\/div>\n\t\t\t\t\t<\/div>\n\t\t<\/section>\n\t\t\t\t<section class=\"elementor-section elementor-top-section elementor-element elementor-element-8c86731 elementor-section-boxed elementor-section-height-default elementor-section-height-default wpr-particle-no wpr-jarallax-no wpr-parallax-no wpr-sticky-section-no wpr-equal-height-no\" data-id=\"8c86731\" data-element_type=\"section\" data-e-type=\"section\">\n\t\t\t\t\t\t<div class=\"elementor-container elementor-column-gap-default\">\n\t\t\t\t\t<div class=\"aux-parallax-section elementor-column elementor-col-100 elementor-top-column elementor-element elementor-element-e50b897\" data-id=\"e50b897\" data-element_type=\"column\" data-e-type=\"column\">\n\t\t\t<div class=\"elementor-widget-wrap elementor-element-populated\">\n\t\t\t\t\t\t<div class=\"elementor-element elementor-element-64529a1 elementor-widget elementor-widget-text-editor\" data-id=\"64529a1\" data-element_type=\"widget\" data-e-type=\"widget\" data-widget_type=\"text-editor.default\">\n\t\t\t\t<div class=\"elementor-widget-container\">\n\t\t\t\t\t\t\t\t\t<p>Taller 4<\/p>\t\t\t\t\t\t\t\t<\/div>\n\t\t\t\t<\/div>\n\t\t\t\t<div class=\"elementor-element elementor-element-bf500c7 elementor-widget elementor-widget-heading\" data-id=\"bf500c7\" data-element_type=\"widget\" data-e-type=\"widget\" data-widget_type=\"heading.default\">\n\t\t\t\t<div class=\"elementor-widget-container\">\n\t\t\t\t\t<h3 class=\"elementor-heading-title elementor-size-default\">DALBOX SALAS DE 4 Y 5 A\u00d1OS<\/h3>\t\t\t\t<\/div>\n\t\t\t\t<\/div>\n\t\t\t\t<div class=\"elementor-element elementor-element-4ecb032 elementor-widget elementor-widget-text-editor\" data-id=\"4ecb032\" data-element_type=\"widget\" data-e-type=\"widget\" data-widget_type=\"text-editor.default\">\n\t\t\t\t<div class=\"elementor-widget-container\">\n\t\t\t\t\t\t\t\t\t<p><b>Objetivos<\/b><\/p><p><span style=\"font-weight: 400;\">Conocer la funci\u00f3n del\u00a0 material did\u00e1ctico DAL y sus m\u00faltiples propuestas pedag\u00f3gicas<\/span><\/p><p>\u00a0<\/p><p><b>\u00bfA quien est\u00e1 dirigido?<\/b><\/p><p><span style=\"font-weight: 400;\">Docentes de nivel inicial salas de 4 y 5 a\u00f1os<\/span><\/p><p>\u00a0<\/p><p><b>Duraci\u00f3n: <span style=\"font-weight: 400;\">1 hora y media<\/span><\/b><\/p><p><b>Modalidad<\/b><span style=\"font-weight: 400;\">: Presencial &#8211; Pr\u00e1ctico<\/span><\/p>\t\t\t\t\t\t\t\t<\/div>\n\t\t\t\t<\/div>\n\t\t\t\t<div class=\"elementor-element elementor-element-610b20a elementor-widget elementor-widget-button\" data-id=\"610b20a\" data-element_type=\"widget\" data-e-type=\"widget\" data-widget_type=\"button.default\">\n\t\t\t\t<div class=\"elementor-widget-container\">\n\t\t\t\t\t\t\t\t\t<div class=\"elementor-button-wrapper\">\n\t\t\t\t\t<a class=\"elementor-button elementor-button-link elementor-size-md\" href=\"https:\/\/wa.link\/mtfsro\">\n\t\t\t\t\t\t<span class=\"elementor-button-content-wrapper\">\n\t\t\t\t\t\t<span class=\"elementor-button-icon\">\n\t\t\t\t<i aria-hidden=\"true\" class=\"auxicon2 auxicon2-arrow-chevron-fat-right\"><\/i>\t\t\t<\/span>\n\t\t\t\t\t\t\t\t\t<span class=\"elementor-button-text\">Contratar<\/span>\n\t\t\t\t\t<\/span>\n\t\t\t\t\t<\/a>\n\t\t\t\t<\/div>\n\t\t\t\t\t\t\t\t<\/div>\n\t\t\t\t<\/div>\n\t\t\t\t\t<\/div>\n\t\t<\/div>\n\t\t\t\t\t<\/div>\n\t\t<\/section>\n\t\t\t\t<section class=\"elementor-section elementor-top-section elementor-element elementor-element-ec454a6 elementor-section-boxed elementor-section-height-default elementor-section-height-default wpr-particle-no wpr-jarallax-no wpr-parallax-no wpr-sticky-section-no wpr-equal-height-no\" data-id=\"ec454a6\" data-element_type=\"section\" data-e-type=\"section\">\n\t\t\t\t\t\t<div class=\"elementor-container elementor-column-gap-default\">\n\t\t\t\t\t<div class=\"aux-parallax-section elementor-column elementor-col-100 elementor-top-column elementor-element elementor-element-27b190b\" data-id=\"27b190b\" data-element_type=\"column\" data-e-type=\"column\">\n\t\t\t<div class=\"elementor-widget-wrap elementor-element-populated\">\n\t\t\t\t\t\t<div class=\"elementor-element elementor-element-1fdd87a elementor-widget elementor-widget-text-editor\" data-id=\"1fdd87a\" data-element_type=\"widget\" data-e-type=\"widget\" data-widget_type=\"text-editor.default\">\n\t\t\t\t<div class=\"elementor-widget-container\">\n\t\t\t\t\t\t\t\t\t<p>Taller 5<\/p>\t\t\t\t\t\t\t\t<\/div>\n\t\t\t\t<\/div>\n\t\t\t\t<div class=\"elementor-element elementor-element-5c5afec elementor-widget elementor-widget-heading\" data-id=\"5c5afec\" data-element_type=\"widget\" data-e-type=\"widget\" data-widget_type=\"heading.default\">\n\t\t\t\t<div class=\"elementor-widget-container\">\n\t\t\t\t\t<h3 class=\"elementor-heading-title elementor-size-default\">DALBOX SALAS DE 2 Y 3 A\u00d1OS<\/h3>\t\t\t\t<\/div>\n\t\t\t\t<\/div>\n\t\t\t\t<div class=\"elementor-element elementor-element-d77da72 elementor-widget elementor-widget-text-editor\" data-id=\"d77da72\" data-element_type=\"widget\" data-e-type=\"widget\" data-widget_type=\"text-editor.default\">\n\t\t\t\t<div class=\"elementor-widget-container\">\n\t\t\t\t\t\t\t\t\t<p><b>Objetivos<\/b><\/p><p><span style=\"font-weight: 400;\">Conocer la funci\u00f3n del\u00a0 material did\u00e1ctico DAL y sus m\u00faltiples propuestas pedag\u00f3gicas<\/span><\/p><p>\u00a0<\/p><p><b>\u00bfA quien est\u00e1 dirigido?<\/b><\/p><p><span style=\"font-weight: 400;\">Docentes de nivel inicial salas de 4 y 5 a\u00f1os<\/span><\/p><p>\u00a0<\/p><p><b>Duraci\u00f3n: <span style=\"font-weight: 400;\">1 hora y media<\/span><\/b><\/p><p><b>Modalidad<\/b><span style=\"font-weight: 400;\">: Presencial &#8211; Pr\u00e1ctico<\/span><\/p>\t\t\t\t\t\t\t\t<\/div>\n\t\t\t\t<\/div>\n\t\t\t\t<div class=\"elementor-element elementor-element-52dc919 elementor-widget elementor-widget-button\" data-id=\"52dc919\" data-element_type=\"widget\" data-e-type=\"widget\" data-widget_type=\"button.default\">\n\t\t\t\t<div class=\"elementor-widget-container\">\n\t\t\t\t\t\t\t\t\t<div class=\"elementor-button-wrapper\">\n\t\t\t\t\t<a class=\"elementor-button elementor-button-link elementor-size-md\" href=\"https:\/\/wa.link\/0gf0e7\">\n\t\t\t\t\t\t<span class=\"elementor-button-content-wrapper\">\n\t\t\t\t\t\t<span class=\"elementor-button-icon\">\n\t\t\t\t<i aria-hidden=\"true\" class=\"auxicon2 auxicon2-arrow-chevron-fat-right\"><\/i>\t\t\t<\/span>\n\t\t\t\t\t\t\t\t\t<span class=\"elementor-button-text\">Contratar<\/span>\n\t\t\t\t\t<\/span>\n\t\t\t\t\t<\/a>\n\t\t\t\t<\/div>\n\t\t\t\t\t\t\t\t<\/div>\n\t\t\t\t<\/div>\n\t\t\t\t\t<\/div>\n\t\t<\/div>\n\t\t\t\t\t<\/div>\n\t\t<\/section>\n\t\t\t\t<section class=\"elementor-section elementor-top-section elementor-element elementor-element-ede7b24 elementor-section-boxed elementor-section-height-default elementor-section-height-default wpr-particle-no wpr-jarallax-no wpr-parallax-no wpr-sticky-section-no wpr-equal-height-no\" data-id=\"ede7b24\" data-element_type=\"section\" data-e-type=\"section\">\n\t\t\t\t\t\t<div class=\"elementor-container elementor-column-gap-default\">\n\t\t\t\t\t<div class=\"aux-parallax-section elementor-column elementor-col-100 elementor-top-column elementor-element elementor-element-7271730\" data-id=\"7271730\" data-element_type=\"column\" data-e-type=\"column\">\n\t\t\t<div class=\"elementor-widget-wrap elementor-element-populated\">\n\t\t\t\t\t\t<div class=\"elementor-element elementor-element-f1538ed elementor-widget elementor-widget-text-editor\" data-id=\"f1538ed\" data-element_type=\"widget\" data-e-type=\"widget\" data-widget_type=\"text-editor.default\">\n\t\t\t\t<div class=\"elementor-widget-container\">\n\t\t\t\t\t\t\t\t\t<p>Taller 6<\/p>\t\t\t\t\t\t\t\t<\/div>\n\t\t\t\t<\/div>\n\t\t\t\t<div class=\"elementor-element elementor-element-d6d89aa elementor-widget elementor-widget-heading\" data-id=\"d6d89aa\" data-element_type=\"widget\" data-e-type=\"widget\" data-widget_type=\"heading.default\">\n\t\t\t\t<div class=\"elementor-widget-container\">\n\t\t\t\t\t<h3 class=\"elementor-heading-title elementor-size-default\">FOMENTAR EL DESARROLLO DE LA LENGUA A TRAV\u00c9S DE \u201cHISTORIAS EMBOLSADAS\u201d<\/h3>\t\t\t\t<\/div>\n\t\t\t\t<\/div>\n\t\t\t\t<div class=\"elementor-element elementor-element-ceb813d elementor-widget elementor-widget-text-editor\" data-id=\"ceb813d\" data-element_type=\"widget\" data-e-type=\"widget\" data-widget_type=\"text-editor.default\">\n\t\t\t\t<div class=\"elementor-widget-container\">\n\t\t\t\t\t\t\t\t\t<p><b>Objetivos<\/b><\/p><ul><li><span style=\"font-weight: 400;\">Aprender a transformar situaciones, historias, canciones o rimas cotidianas en otras nuevas e interactivas que captan la atenci\u00f3n de los ni\u00f1os.<\/span><\/li><li style=\"font-weight: 400;\" aria-level=\"1\"><span style=\"font-weight: 400;\">Conocer los beneficios que le aportan al ni\u00f1o en su el desarrollo general del lenguaje, ampliaci\u00f3n de su vocabulario y fortalecimiento de su capacidad de di\u00e1logo al \u00a0 utilizar esta herramienta.<\/span><\/li><li style=\"font-weight: 400;\" aria-level=\"1\"><span style=\"font-weight: 400;\">Hacer\u00a0 f\u00e1cilmente tus propias bolsas de historias individuales<\/span><\/li><\/ul><p>\u00a0<\/p><p><b>\u00bfA quien est\u00e1 dirigido?<\/b><\/p><p><span style=\"font-weight: 400;\">&#8211;<\/span><\/p><p>\u00a0<\/p><p><b>Duraci\u00f3n: <\/b><span style=\"font-weight: 400;\">2 horas<\/span><\/p><p><b>Modalidad<\/b><span style=\"font-weight: 400;\">: Presencial\/online<\/span><\/p>\t\t\t\t\t\t\t\t<\/div>\n\t\t\t\t<\/div>\n\t\t\t\t<div class=\"elementor-element elementor-element-12e6613 elementor-widget elementor-widget-button\" data-id=\"12e6613\" data-element_type=\"widget\" data-e-type=\"widget\" data-widget_type=\"button.default\">\n\t\t\t\t<div class=\"elementor-widget-container\">\n\t\t\t\t\t\t\t\t\t<div class=\"elementor-button-wrapper\">\n\t\t\t\t\t<a class=\"elementor-button elementor-button-link elementor-size-md\" href=\"https:\/\/wa.link\/8g1fgi\">\n\t\t\t\t\t\t<span class=\"elementor-button-content-wrapper\">\n\t\t\t\t\t\t<span class=\"elementor-button-icon\">\n\t\t\t\t<i aria-hidden=\"true\" class=\"auxicon2 auxicon2-arrow-chevron-fat-right\"><\/i>\t\t\t<\/span>\n\t\t\t\t\t\t\t\t\t<span class=\"elementor-button-text\">Contratar<\/span>\n\t\t\t\t\t<\/span>\n\t\t\t\t\t<\/a>\n\t\t\t\t<\/div>\n\t\t\t\t\t\t\t\t<\/div>\n\t\t\t\t<\/div>\n\t\t\t\t\t<\/div>\n\t\t<\/div>\n\t\t\t\t\t<\/div>\n\t\t<\/section>\n\t\t\t\t<header class=\"elementor-section elementor-top-section elementor-element elementor-element-9e314f8 elementor-section-boxed elementor-section-height-default elementor-section-height-default wpr-particle-no wpr-jarallax-no wpr-parallax-no wpr-sticky-section-no wpr-equal-height-no\" data-id=\"9e314f8\" data-element_type=\"section\" data-e-type=\"section\">\n\t\t\t\t\t\t<div class=\"elementor-container elementor-column-gap-default\">\n\t\t\t\t\t<div class=\"aux-parallax-section elementor-column elementor-col-100 elementor-top-column elementor-element elementor-element-14385e3\" data-id=\"14385e3\" data-element_type=\"column\" data-e-type=\"column\">\n\t\t\t<div class=\"elementor-widget-wrap elementor-element-populated\">\n\t\t\t\t\t\t<div class=\"elementor-element elementor-element-ec7d0bb elementor-widget elementor-widget-heading\" data-id=\"ec7d0bb\" data-element_type=\"widget\" data-e-type=\"widget\" data-widget_type=\"heading.default\">\n\t\t\t\t<div class=\"elementor-widget-container\">\n\t\t\t\t\t<h2 class=\"elementor-heading-title elementor-size-default\">Charlas educativas para docentes y para familias<\/h2>\t\t\t\t<\/div>\n\t\t\t\t<\/div>\n\t\t\t\t\t<\/div>\n\t\t<\/div>\n\t\t\t\t\t<\/div>\n\t\t<\/header>\n\t\t\t\t<section class=\"elementor-section elementor-top-section elementor-element elementor-element-914dba2 elementor-section-boxed elementor-section-height-default elementor-section-height-default wpr-particle-no wpr-jarallax-no wpr-parallax-no wpr-sticky-section-no wpr-equal-height-no\" data-id=\"914dba2\" data-element_type=\"section\" data-e-type=\"section\">\n\t\t\t\t\t\t<div class=\"elementor-container elementor-column-gap-default\">\n\t\t\t\t\t<div class=\"aux-parallax-section elementor-column elementor-col-100 elementor-top-column elementor-element elementor-element-b3aa98a\" data-id=\"b3aa98a\" data-element_type=\"column\" data-e-type=\"column\">\n\t\t\t<div class=\"elementor-widget-wrap elementor-element-populated\">\n\t\t\t\t\t\t<div class=\"elementor-element elementor-element-cf825dd elementor-widget elementor-widget-text-editor\" data-id=\"cf825dd\" data-element_type=\"widget\" data-e-type=\"widget\" data-widget_type=\"text-editor.default\">\n\t\t\t\t<div class=\"elementor-widget-container\">\n\t\t\t\t\t\t\t\t\t<p>Para docentes<\/p>\t\t\t\t\t\t\t\t<\/div>\n\t\t\t\t<\/div>\n\t\t\t\t<div class=\"elementor-element elementor-element-eba3e12 elementor-widget elementor-widget-heading\" data-id=\"eba3e12\" data-element_type=\"widget\" data-e-type=\"widget\" data-widget_type=\"heading.default\">\n\t\t\t\t<div class=\"elementor-widget-container\">\n\t\t\t\t\t<h3 class=\"elementor-heading-title elementor-size-default\">\u201cY si organizamos un encuentro en 5 momentos?<\/h3>\t\t\t\t<\/div>\n\t\t\t\t<\/div>\n\t\t\t\t<div class=\"elementor-element elementor-element-9f46517 elementor-widget elementor-widget-text-editor\" data-id=\"9f46517\" data-element_type=\"widget\" data-e-type=\"widget\" data-widget_type=\"text-editor.default\">\n\t\t\t\t<div class=\"elementor-widget-container\">\n\t\t\t\t\t\t\t\t\t<p><span style=\"font-weight: 400;\">La charla de aproximadamente 1 hora contribuye a potenciar y enriquecer una clase de 30 \u2013 40 minutos planific\u00e1ndola en 5 momentos.<\/span><\/p>\t\t\t\t\t\t\t\t<\/div>\n\t\t\t\t<\/div>\n\t\t\t\t<div class=\"elementor-element elementor-element-e1656e9 elementor-widget elementor-widget-button\" data-id=\"e1656e9\" data-element_type=\"widget\" data-e-type=\"widget\" data-widget_type=\"button.default\">\n\t\t\t\t<div class=\"elementor-widget-container\">\n\t\t\t\t\t\t\t\t\t<div class=\"elementor-button-wrapper\">\n\t\t\t\t\t<a class=\"elementor-button elementor-button-link elementor-size-md\" href=\"https:\/\/wa.link\/gyj7mq\">\n\t\t\t\t\t\t<span class=\"elementor-button-content-wrapper\">\n\t\t\t\t\t\t<span class=\"elementor-button-icon\">\n\t\t\t\t<i aria-hidden=\"true\" class=\"auxicon2 auxicon2-arrow-chevron-fat-right\"><\/i>\t\t\t<\/span>\n\t\t\t\t\t\t\t\t\t<span class=\"elementor-button-text\">Contratar<\/span>\n\t\t\t\t\t<\/span>\n\t\t\t\t\t<\/a>\n\t\t\t\t<\/div>\n\t\t\t\t\t\t\t\t<\/div>\n\t\t\t\t<\/div>\n\t\t\t\t\t<\/div>\n\t\t<\/div>\n\t\t\t\t\t<\/div>\n\t\t<\/section>\n\t\t\t\t<section class=\"elementor-section elementor-top-section elementor-element elementor-element-c348702 elementor-section-boxed elementor-section-height-default elementor-section-height-default wpr-particle-no wpr-jarallax-no wpr-parallax-no wpr-sticky-section-no wpr-equal-height-no\" data-id=\"c348702\" data-element_type=\"section\" data-e-type=\"section\">\n\t\t\t\t\t\t<div class=\"elementor-container elementor-column-gap-default\">\n\t\t\t\t\t<div class=\"aux-parallax-section elementor-column elementor-col-100 elementor-top-column elementor-element elementor-element-6c05456\" data-id=\"6c05456\" data-element_type=\"column\" data-e-type=\"column\">\n\t\t\t<div class=\"elementor-widget-wrap elementor-element-populated\">\n\t\t\t\t\t\t<div class=\"elementor-element elementor-element-4f447dc elementor-widget elementor-widget-text-editor\" data-id=\"4f447dc\" data-element_type=\"widget\" data-e-type=\"widget\" data-widget_type=\"text-editor.default\">\n\t\t\t\t<div class=\"elementor-widget-container\">\n\t\t\t\t\t\t\t\t\t<p>Para familias<\/p>\t\t\t\t\t\t\t\t<\/div>\n\t\t\t\t<\/div>\n\t\t\t\t<div class=\"elementor-element elementor-element-f22ab9a elementor-widget elementor-widget-heading\" data-id=\"f22ab9a\" data-element_type=\"widget\" data-e-type=\"widget\" data-widget_type=\"heading.default\">\n\t\t\t\t<div class=\"elementor-widget-container\">\n\t\t\t\t\t<h3 class=\"elementor-heading-title elementor-size-default\">\u201cAcompa\u00f1ar al ni\u00f1o en el presente para consolidar su conocimiento en el futuro\u201d<\/h3>\t\t\t\t<\/div>\n\t\t\t\t<\/div>\n\t\t\t\t<div class=\"elementor-element elementor-element-b021781 elementor-widget elementor-widget-text-editor\" data-id=\"b021781\" data-element_type=\"widget\" data-e-type=\"widget\" data-widget_type=\"text-editor.default\">\n\t\t\t\t<div class=\"elementor-widget-container\">\n\t\t\t\t\t\t\t\t\t<p><span style=\"font-weight: 400;\">La charla pone \u00e9nfasis en el rol de las familias como acompa\u00f1antes del ni\u00f1o en su proceso de aprender alem\u00e1n como lengua extranjera en estas edades tempranas. Juntos recorreremos el por qu\u00e9, el para qu\u00e9 y el c\u00f3mo la familia cumple un papel crucial en este camino.<\/span><\/p>\t\t\t\t\t\t\t\t<\/div>\n\t\t\t\t<\/div>\n\t\t\t\t<div class=\"elementor-element elementor-element-079b051 elementor-widget elementor-widget-button\" data-id=\"079b051\" data-element_type=\"widget\" data-e-type=\"widget\" data-widget_type=\"button.default\">\n\t\t\t\t<div class=\"elementor-widget-container\">\n\t\t\t\t\t\t\t\t\t<div class=\"elementor-button-wrapper\">\n\t\t\t\t\t<a class=\"elementor-button elementor-button-link elementor-size-md\" href=\"https:\/\/wa.link\/rrgxnn\">\n\t\t\t\t\t\t<span class=\"elementor-button-content-wrapper\">\n\t\t\t\t\t\t<span class=\"elementor-button-icon\">\n\t\t\t\t<i aria-hidden=\"true\" class=\"auxicon2 auxicon2-arrow-chevron-fat-right\"><\/i>\t\t\t<\/span>\n\t\t\t\t\t\t\t\t\t<span class=\"elementor-button-text\">Contratar<\/span>\n\t\t\t\t\t<\/span>\n\t\t\t\t\t<\/a>\n\t\t\t\t<\/div>\n\t\t\t\t\t\t\t\t<\/div>\n\t\t\t\t<\/div>\n\t\t\t\t\t<\/div>\n\t\t<\/div>\n\t\t\t\t\t<\/div>\n\t\t<\/section>\n\t\t\t\t<section class=\"elementor-section elementor-top-section elementor-element elementor-element-23045c1 elementor-section-boxed elementor-section-height-default elementor-section-height-default wpr-particle-no wpr-jarallax-no wpr-parallax-no wpr-sticky-section-no wpr-equal-height-no\" data-id=\"23045c1\" data-element_type=\"section\" data-e-type=\"section\">\n\t\t\t\t\t\t<div class=\"elementor-container elementor-column-gap-default\">\n\t\t\t\t\t<div class=\"aux-parallax-section elementor-column elementor-col-100 elementor-top-column elementor-element elementor-element-8dc4d66\" data-id=\"8dc4d66\" data-element_type=\"column\" data-e-type=\"column\">\n\t\t\t<div class=\"elementor-widget-wrap elementor-element-populated\">\n\t\t\t\t\t\t<div class=\"elementor-element elementor-element-a9b0ae0 elementor-widget elementor-widget-text-editor\" data-id=\"a9b0ae0\" data-element_type=\"widget\" data-e-type=\"widget\" data-widget_type=\"text-editor.default\">\n\t\t\t\t<div class=\"elementor-widget-container\">\n\t\t\t\t\t\t\t\t\t<p>Capacitaci\u00f3n 1<\/p>\t\t\t\t\t\t\t\t<\/div>\n\t\t\t\t<\/div>\n\t\t\t\t<div class=\"elementor-element elementor-element-2399de0 elementor-widget elementor-widget-heading\" data-id=\"2399de0\" data-element_type=\"widget\" data-e-type=\"widget\" data-widget_type=\"heading.default\">\n\t\t\t\t<div class=\"elementor-widget-container\">\n\t\t\t\t\t<h3 class=\"elementor-heading-title elementor-size-default\">DAL y los enfoques metodol\u00f3gicos<\/h3>\t\t\t\t<\/div>\n\t\t\t\t<\/div>\n\t\t\t\t<div class=\"elementor-element elementor-element-eb084ec elementor-widget elementor-widget-text-editor\" data-id=\"eb084ec\" data-element_type=\"widget\" data-e-type=\"widget\" data-widget_type=\"text-editor.default\">\n\t\t\t\t<div class=\"elementor-widget-container\">\n\t\t\t\t\t\t\t\t\t<p><b>Objetivos<\/b><\/p><ul><li><span style=\"font-weight: 400;\">Teor\u00eda de los enfoques metodol\u00f3gicos en los cuales se basa DAL<\/span><\/li><li><span style=\"font-weight: 400;\">Pr\u00e1ctica de los mismos implementando el material did\u00e1ctico DAL\u00a0<\/span><\/li><\/ul><p>\u00a0<\/p><p><b>\u00bfA qui\u00e9n va dirigido?<\/b><\/p><p><b>\u00a0<\/b><span style=\"font-weight: 400;\">Docentes de nivel inicial y 1er ciclo<\/span><\/p><p>\u00a0<\/p><p><b>\u00bfQu\u00e9 logran al finalizar la capacitaci\u00f3n?<\/b><\/p><p><span style=\"font-weight: 400;\">Apropiarse de nuevos conceptos te\u00f3ricos y pr\u00e1cticos que abren un abanico de posibilidades did\u00e1cticas en la ense\u00f1anza del idioma alem\u00e1n como lengua extranjera<\/span><\/p><p>\u00a0<\/p><p><b>Duraci\u00f3n<\/b><span style=\"font-weight: 400;\">: 2 horas<\/span><\/p><p><b>Modalidad<\/b><span style=\"font-weight: 400;\">: Presencial \/online:<\/span><\/p>\t\t\t\t\t\t\t\t<\/div>\n\t\t\t\t<\/div>\n\t\t\t\t<div class=\"elementor-element elementor-element-6629e98 elementor-widget elementor-widget-button\" data-id=\"6629e98\" data-element_type=\"widget\" data-e-type=\"widget\" data-widget_type=\"button.default\">\n\t\t\t\t<div class=\"elementor-widget-container\">\n\t\t\t\t\t\t\t\t\t<div class=\"elementor-button-wrapper\">\n\t\t\t\t\t<a class=\"elementor-button elementor-button-link elementor-size-md\" href=\"https:\/\/wa.link\/06wes8\">\n\t\t\t\t\t\t<span class=\"elementor-button-content-wrapper\">\n\t\t\t\t\t\t<span class=\"elementor-button-icon\">\n\t\t\t\t<i aria-hidden=\"true\" class=\"auxicon2 auxicon2-arrow-chevron-fat-right\"><\/i>\t\t\t<\/span>\n\t\t\t\t\t\t\t\t\t<span class=\"elementor-button-text\">Contratar<\/span>\n\t\t\t\t\t<\/span>\n\t\t\t\t\t<\/a>\n\t\t\t\t<\/div>\n\t\t\t\t\t\t\t\t<\/div>\n\t\t\t\t<\/div>\n\t\t\t\t\t<\/div>\n\t\t<\/div>\n\t\t\t\t\t<\/div>\n\t\t<\/section>\n\t\t\t\t<section class=\"elementor-section elementor-top-section elementor-element elementor-element-3f69448 elementor-section-boxed elementor-section-height-default elementor-section-height-default wpr-particle-no wpr-jarallax-no wpr-parallax-no wpr-sticky-section-no wpr-equal-height-no\" data-id=\"3f69448\" data-element_type=\"section\" data-e-type=\"section\">\n\t\t\t\t\t\t<div class=\"elementor-container elementor-column-gap-default\">\n\t\t\t\t\t<div class=\"aux-parallax-section elementor-column elementor-col-100 elementor-top-column elementor-element elementor-element-0ba20ea\" data-id=\"0ba20ea\" data-element_type=\"column\" data-e-type=\"column\">\n\t\t\t<div class=\"elementor-widget-wrap elementor-element-populated\">\n\t\t\t\t\t\t<div class=\"elementor-element elementor-element-e566041 elementor-widget elementor-widget-heading\" data-id=\"e566041\" data-element_type=\"widget\" data-e-type=\"widget\" data-widget_type=\"heading.default\">\n\t\t\t\t<div class=\"elementor-widget-container\">\n\t\t\t\t\t<h2 class=\"elementor-heading-title elementor-size-default\">Talleres online<\/h2>\t\t\t\t<\/div>\n\t\t\t\t<\/div>\n\t\t\t\t<div class=\"elementor-element elementor-element-4371573 elementor-grid-eael-col-4 elementor-grid-tablet-eael-col-2 elementor-grid-mobile-eael-col-1 elementor-widget elementor-widget-eael-post-grid\" data-id=\"4371573\" data-element_type=\"widget\" data-e-type=\"widget\" data-settings=\"{&quot;eael_post_grid_columns&quot;:&quot;eael-col-4&quot;,&quot;eael_post_grid_columns_tablet&quot;:&quot;eael-col-2&quot;,&quot;eael_post_grid_columns_mobile&quot;:&quot;eael-col-1&quot;}\" data-widget_type=\"eael-post-grid.default\">\n\t\t\t\t<div class=\"elementor-widget-container\">\n\t\t\t\t\t<div id=\"eael-post-grid-4371573\" class=\"eael-post-grid-container\">\n            <div class=\"eael-post-grid eael-post-appender eael-post-appender-4371573 eael-post-grid-style-one\" data-layout-mode=\"grid\"><article class=\"eael-grid-post  eael-post-grid-column eael-pg-post-1085\" data-id=\"1085\">\n        <div class=\"eael-grid-post-holder\">\n            <div class=\"eael-grid-post-holder-inner\"><div class=\"eael-entry-media\"><div class=\"eael-entry-overlay fade-in\"><i class=\"fas fa-long-arrow-alt-right\" aria-hidden=\"true\"><\/i><a href=\"https:\/\/romidal.com\/de\/tienda\/taller\/taller-online-ensenar-con-canciones-es-imprescindible-2\/\"><\/a><\/div><div class=\"eael-entry-thumbnail\">\n                <img fetchpriority=\"high\" decoding=\"async\" width=\"300\" height=\"300\" src=\"https:\/\/i0.wp.com\/romidal.com\/wp-content\/uploads\/2024\/03\/TAPITA-CUAD-TALLER-CANC-1.webp?fit=300%2C300&amp;ssl=1\" class=\"attachment-medium size-medium wp-image-1248\" alt=\"\" srcset=\"https:\/\/i0.wp.com\/romidal.com\/wp-content\/uploads\/2024\/03\/TAPITA-CUAD-TALLER-CANC-1.webp?w=1417&amp;ssl=1 1417w, https:\/\/i0.wp.com\/romidal.com\/wp-content\/uploads\/2024\/03\/TAPITA-CUAD-TALLER-CANC-1.webp?resize=300%2C300&amp;ssl=1 300w, https:\/\/i0.wp.com\/romidal.com\/wp-content\/uploads\/2024\/03\/TAPITA-CUAD-TALLER-CANC-1.webp?resize=1024%2C1024&amp;ssl=1 1024w, https:\/\/i0.wp.com\/romidal.com\/wp-content\/uploads\/2024\/03\/TAPITA-CUAD-TALLER-CANC-1.webp?resize=150%2C150&amp;ssl=1 150w, https:\/\/i0.wp.com\/romidal.com\/wp-content\/uploads\/2024\/03\/TAPITA-CUAD-TALLER-CANC-1.webp?resize=768%2C768&amp;ssl=1 768w, https:\/\/i0.wp.com\/romidal.com\/wp-content\/uploads\/2024\/03\/TAPITA-CUAD-TALLER-CANC-1.webp?resize=12%2C12&amp;ssl=1 12w, https:\/\/i0.wp.com\/romidal.com\/wp-content\/uploads\/2024\/03\/TAPITA-CUAD-TALLER-CANC-1.webp?resize=600%2C600&amp;ssl=1 600w, https:\/\/i0.wp.com\/romidal.com\/wp-content\/uploads\/2024\/03\/TAPITA-CUAD-TALLER-CANC-1.webp?resize=100%2C100&amp;ssl=1 100w\" sizes=\"(max-width: 300px) 100vw, 300px\" \/>\n            <\/div>\n        <\/div><div class=\"eael-entry-wrapper\"><header class=\"eael-entry-header\"><h3 class=\"eael-entry-title\"><a class=\"eael-grid-post-link\" href=\"https:\/\/romidal.com\/de\/tienda\/taller\/taller-online-ensenar-con-canciones-es-imprescindible-2\/\" title=\"Taller online: Ense\u00f1ar con canciones es imprescindible\">Taller online: Ense\u00f1ar con canciones es imprescindible<\/a><\/h3><\/header><div class=\"eael-entry-content\">\n                        <div class=\"eael-grid-post-excerpt\"><p>El taller propone apropiarte del uso de las canciones como...<\/p><a href=\"https:\/\/romidal.com\/de\/tienda\/taller\/taller-online-ensenar-con-canciones-es-imprescindible-2\/\" class=\"eael-post-elements-readmore-btn\">Conocer m\u00e1s<\/a><\/div>\n                    <\/div><\/div><\/div>\n        <\/div>\n    <\/article><\/div>\n            <div class=\"clearfix\"><\/div>\n        <\/div>\t\t\t\t<\/div>\n\t\t\t\t<\/div>\n\t\t\t\t\t<\/div>\n\t\t<\/div>\n\t\t\t\t\t<\/div>\n\t\t<\/section>\n\t\t\t\t<\/div>","protected":false},"excerpt":{"rendered":"<p>Talleres, capacitaciones y charlas educativas para el ciclo lectivo 2024 Taller 1 ENSE\u00d1AR CON CANCIONES ES IMPRESCINDIBLE Objetivos Conocer las razones por las cu\u00e1les es esencial ense\u00f1ar utilizando canciones \u00a0Describe los beneficios que le aporta al docente y al ni\u00f1o Adentrarse en t\u00e9cnicas para ense\u00f1ar de manera activa una canci\u00f3n Dominar los criterios para seleccionar canciones Familiarizarse con la posibilidad de crear las propias canciones \u00a0 \u00bfA quien est\u00e1 dirigido? Est\u00e1 dirigido a docentes de nivel inicial y docentes de primer ciclo primaria \u00a0 \u00bfQu\u00e9 lograr\u00e1n al finalizar el taller?Utilizar de manera sistem\u00e1tica y frecuente las canciones en la tarea diaria \u00a0 Duraci\u00f3n: 1 hora y media Modalidad: Presencial \/online Contratar Taller 2 TARJETONES ILUSTRADOS Y SU IMPACTO VISUAL Y PEDAG\u00d3GICO Objetivos Conocer el rol que cumplen los tarjetones ilustrados en el proceso de ense\u00f1ar\u00a0 \u00a0Saber en qu\u00e9 momento y como utilizarlos de manera activa\u00a0 Apropiarse de aspectos a tener en cuenta para su utilizaci\u00f3n Ofrecer un espacio de juego para incorporar propuestas did\u00e1cticas \u00a0 \u00bfA quien est\u00e1 dirigido? Est\u00e1 dirigido a docentes de nivel inicial y docentes de primer ciclo primaria \u00a0 \u00bfQu\u00e9 lograr\u00e1n al finalizar el taller? Ampliar los conocimientos te\u00f3ricos y pr\u00e1cticos del uso de los tarjetones ilustrados Implementar lo aprendido en sus aulas Duraci\u00f3n: 1 hora y media Modalidad: Presencial \/online Contratar Taller 3 HAB\u00cdA UNA VEZ\u2026 CUENTOS ILUSTRADOS PARA ENSE\u00d1AR Objetivos Que funci\u00f3n ling\u00fc\u00edstica cumplen los cuentos ilustrados en la ense\u00f1anza Por qu\u00e9 y c\u00f3mo seleccionar literatura para ni\u00f1os Familiarizarse con las tres fases para la utilizaci\u00f3n de libros: Antes-Durante-Despu\u00e9s de la lectura Poner en pr\u00e1ctica lo abordado a partir de 4 cuentos ilustrados \u00bfA quien est\u00e1 dirigido? Est\u00e1 dirigido a docentes de nivel inicial y docentes de primer ciclo primaria \u00a0 \u00bfQu\u00e9 lograr\u00e1n al finalizar el taller? Planificar y desarrollar una clase en base a un cuento ilustrado \u00a0 Duraci\u00f3n: 2 horas Modalidad: Presencial \/online Contratar Taller 4 DALBOX SALAS DE 4 Y 5 A\u00d1OS Objetivos Conocer la funci\u00f3n del\u00a0 material did\u00e1ctico DAL y sus m\u00faltiples propuestas pedag\u00f3gicas \u00a0 \u00bfA quien est\u00e1 dirigido? Docentes de nivel inicial salas de 4 y 5 a\u00f1os \u00a0 Duraci\u00f3n: 1 hora y media Modalidad: Presencial &#8211; Pr\u00e1ctico Contratar Taller 5 DALBOX SALAS DE 2 Y 3 A\u00d1OS Objetivos Conocer la funci\u00f3n del\u00a0 material did\u00e1ctico DAL y sus m\u00faltiples propuestas pedag\u00f3gicas \u00a0 \u00bfA quien est\u00e1 dirigido? Docentes de nivel inicial salas de 4 y 5 a\u00f1os \u00a0 Duraci\u00f3n: 1 hora y media Modalidad: Presencial &#8211; Pr\u00e1ctico Contratar Taller 6 FOMENTAR EL DESARROLLO DE LA LENGUA A TRAV\u00c9S DE \u201cHISTORIAS EMBOLSADAS\u201d Objetivos Aprender a transformar situaciones, historias, canciones o rimas cotidianas en otras nuevas e interactivas que captan la atenci\u00f3n de los ni\u00f1os. Conocer los beneficios que le aportan al ni\u00f1o en su el desarrollo general del lenguaje, ampliaci\u00f3n de su vocabulario y fortalecimiento de su capacidad de di\u00e1logo al \u00a0 utilizar esta herramienta. Hacer\u00a0 f\u00e1cilmente tus propias bolsas de historias individuales \u00a0 \u00bfA quien est\u00e1 dirigido? &#8211; \u00a0 Duraci\u00f3n: 2 horas Modalidad: Presencial\/online Contratar Charlas educativas para docentes y para familias Para docentes \u201cY si organizamos un encuentro en 5 momentos? La charla de aproximadamente 1 hora contribuye a potenciar y enriquecer una clase de 30 \u2013 40 minutos planific\u00e1ndola en 5 momentos. Contratar Para familias \u201cAcompa\u00f1ar al ni\u00f1o en el presente para consolidar su conocimiento en el futuro\u201d La charla pone \u00e9nfasis en el rol de las familias como acompa\u00f1antes del ni\u00f1o en su proceso de aprender alem\u00e1n como lengua extranjera en estas edades tempranas. Juntos recorreremos el por qu\u00e9, el para qu\u00e9 y el c\u00f3mo la familia cumple un papel crucial en este camino. Contratar Capacitaci\u00f3n 1 DAL y los enfoques metodol\u00f3gicos Objetivos Teor\u00eda de los enfoques metodol\u00f3gicos en los cuales se basa DAL Pr\u00e1ctica de los mismos implementando el material did\u00e1ctico DAL\u00a0 \u00a0 \u00bfA qui\u00e9n va dirigido? \u00a0Docentes de nivel inicial y 1er ciclo \u00a0 \u00bfQu\u00e9 logran al finalizar la capacitaci\u00f3n? Apropiarse de nuevos conceptos te\u00f3ricos y pr\u00e1cticos que abren un abanico de posibilidades did\u00e1cticas en la ense\u00f1anza del idioma alem\u00e1n como lengua extranjera \u00a0 Duraci\u00f3n: 2 horas Modalidad: Presencial \/online: Contratar Talleres online Taller online: Ense\u00f1ar con canciones es imprescindible El taller propone apropiarte del uso de las canciones como&#8230; Conocer m\u00e1s marzo 22, 2024<\/p>","protected":false},"author":67,"featured_media":0,"parent":0,"menu_order":0,"comment_status":"closed","ping_status":"closed","template":"","meta":{"footnotes":""},"class_list":["post-719","page","type-page","status-publish","hentry"],"jetpack_sharing_enabled":true,"_links":{"self":[{"href":"https:\/\/romidal.com\/de\/wp-json\/wp\/v2\/pages\/719","targetHints":{"allow":["GET"]}}],"collection":[{"href":"https:\/\/romidal.com\/de\/wp-json\/wp\/v2\/pages"}],"about":[{"href":"https:\/\/romidal.com\/de\/wp-json\/wp\/v2\/types\/page"}],"author":[{"embeddable":true,"href":"https:\/\/romidal.com\/de\/wp-json\/wp\/v2\/users\/67"}],"replies":[{"embeddable":true,"href":"https:\/\/romidal.com\/de\/wp-json\/wp\/v2\/comments?post=719"}],"version-history":[{"count":18,"href":"https:\/\/romidal.com\/de\/wp-json\/wp\/v2\/pages\/719\/revisions"}],"predecessor-version":[{"id":1442,"href":"https:\/\/romidal.com\/de\/wp-json\/wp\/v2\/pages\/719\/revisions\/1442"}],"wp:attachment":[{"href":"https:\/\/romidal.com\/de\/wp-json\/wp\/v2\/media?parent=719"}],"curies":[{"name":"wp","href":"https:\/\/api.w.org\/{rel}","templated":true}]}}